{"id":1230,"date":"2019-03-20T20:31:03","date_gmt":"2019-03-20T20:31:03","guid":{"rendered":"https:\/\/emserchia.gov.co\/wordem\/?page_id=1230"},"modified":"2025-11-10T14:51:57","modified_gmt":"2025-11-10T19:51:57","slug":"directorio","status":"publish","type":"page","link":"https:\/\/emserchia.gov.co\/wordem\/directorio\/","title":{"rendered":"Directorio &#8211; Emserchia"},"content":{"rendered":"\t\t<div data-elementor-type=\"wp-post\" data-elementor-id=\"1230\" class=\"elementor elementor-1230\">\n\t\t\t\t\t\t<section class=\"elementor-section elementor-top-section elementor-element elementor-element-0e950de elementor-section-boxed elementor-section-height-default elementor-section-height-default\" data-id=\"0e950de\" data-element_type=\"section\" data-e-type=\"section\">\n\t\t\t\t\t\t<div class=\"elementor-container elementor-column-gap-default\">\n\t\t\t\t\t<div class=\"elementor-column elementor-col-100 elementor-top-column elementor-element elementor-element-af1a037\" data-id=\"af1a037\" data-element_type=\"column\" data-e-type=\"column\">\n\t\t\t<div class=\"elementor-widget-wrap elementor-element-populated\">\n\t\t\t\t\t\t<div class=\"elementor-element elementor-element-32a3092 elementor-tabs-view-vertical elementor-widget elementor-widget-tabs\" data-id=\"32a3092\" data-element_type=\"widget\" data-e-type=\"widget\" data-widget_type=\"tabs.default\">\n\t\t\t\t<div class=\"elementor-widget-container\">\n\t\t\t\t\t\t\t<div class=\"elementor-tabs\">\n\t\t\t<div class=\"elementor-tabs-wrapper\" role=\"tablist\" >\n\t\t\t\t\t\t\t\t\t<div id=\"elementor-tab-title-5301\" class=\"elementor-tab-title elementor-tab-desktop-title\" aria-selected=\"true\" data-tab=\"1\" role=\"tab\" tabindex=\"0\" aria-controls=\"elementor-tab-content-5301\" aria-expanded=\"false\">Gerencia<\/div>\n\t\t\t\t\t\t\t\t\t<div id=\"elementor-tab-title-5302\" class=\"elementor-tab-title elementor-tab-desktop-title\" aria-selected=\"false\" data-tab=\"2\" role=\"tab\" tabindex=\"-1\" aria-controls=\"elementor-tab-content-5302\" aria-expanded=\"false\">Planeaci\u00f3n<\/div>\n\t\t\t\t\t\t\t\t\t<div id=\"elementor-tab-title-5303\" class=\"elementor-tab-title elementor-tab-desktop-title\" aria-selected=\"false\" data-tab=\"3\" role=\"tab\" tabindex=\"-1\" aria-controls=\"elementor-tab-content-5303\" aria-expanded=\"false\">Control Interno<\/div>\n\t\t\t\t\t\t\t\t\t<div id=\"elementor-tab-title-5304\" class=\"elementor-tab-title elementor-tab-desktop-title\" aria-selected=\"false\" data-tab=\"4\" role=\"tab\" tabindex=\"-1\" aria-controls=\"elementor-tab-content-5304\" aria-expanded=\"false\">Direcci\u00f3n Juridica y Contrataci\u00f3n<\/div>\n\t\t\t\t\t\t\t\t\t<div id=\"elementor-tab-title-5305\" class=\"elementor-tab-title elementor-tab-desktop-title\" aria-selected=\"false\" data-tab=\"5\" role=\"tab\" tabindex=\"-1\" aria-controls=\"elementor-tab-content-5305\" aria-expanded=\"false\">Direcci\u00f3n Administrativa y Financiera<\/div>\n\t\t\t\t\t\t\t\t\t<div id=\"elementor-tab-title-5306\" class=\"elementor-tab-title elementor-tab-desktop-title\" aria-selected=\"false\" data-tab=\"6\" role=\"tab\" tabindex=\"-1\" aria-controls=\"elementor-tab-content-5306\" aria-expanded=\"false\">Direcci\u00f3n Tecnica Operativa de Acueducto, Alcantarillado y Aseo<\/div>\n\t\t\t\t\t\t\t\t\t<div id=\"elementor-tab-title-5307\" class=\"elementor-tab-title elementor-tab-desktop-title\" aria-selected=\"false\" data-tab=\"7\" role=\"tab\" tabindex=\"-1\" aria-controls=\"elementor-tab-content-5307\" aria-expanded=\"false\">Direcci\u00f3n Comercial<\/div>\n\t\t\t\t\t\t\t<\/div>\n\t\t\t<div class=\"elementor-tabs-content-wrapper\" role=\"tablist\" aria-orientation=\"vertical\">\n\t\t\t\t\t\t\t\t\t<div class=\"elementor-tab-title elementor-tab-mobile-title\" aria-selected=\"true\" data-tab=\"1\" role=\"tab\" tabindex=\"0\" aria-controls=\"elementor-tab-content-5301\" aria-expanded=\"false\">Gerencia<\/div>\n\t\t\t\t\t<div id=\"elementor-tab-content-5301\" class=\"elementor-tab-content elementor-clearfix\" data-tab=\"1\" role=\"tabpanel\" aria-labelledby=\"elementor-tab-title-5301\" tabindex=\"0\" hidden=\"false\"><table><tbody><tr><td><strong>Iv\u00e1n Dario Monta\u00f1o Neisa, <\/strong><strong>Gerente<\/strong>\u00a0&#8211; Ext: 501<strong><br \/><\/strong><\/td><\/tr><tr><td>\u00a0<span style=\"font-size: 10pt;\">gerencia@emserchia.gov.co<\/span><\/td><\/tr><\/tbody><\/table><table><tbody><tr><td><strong>Andr\u00e9s Juli\u00e1n Fern\u00e1ndez Castro, Subg<\/strong><strong>erente\u00a0<\/strong> &#8211; Ext: 302<strong><br \/><\/strong><\/td><\/tr><tr><td>\u00a0sub<span style=\"font-size: 10pt;\">gerencia@emserchia.gov.co<\/span><\/td><\/tr><\/tbody><\/table><table><tbody><tr><td><b>Fabiola Guerrero,\u00a0<\/b><strong>Secretaria<\/strong>\u00a0&#8211; Ext: 501<strong><br \/><\/strong><\/td><\/tr><tr><td><span style=\"font-size: 10pt;\">secgerencia@emserchia.gov.co<\/span><\/td><\/tr><\/tbody><\/table><\/div>\n\t\t\t\t\t\t\t\t\t<div class=\"elementor-tab-title elementor-tab-mobile-title\" aria-selected=\"false\" data-tab=\"2\" role=\"tab\" tabindex=\"-1\" aria-controls=\"elementor-tab-content-5302\" aria-expanded=\"false\">Planeaci\u00f3n<\/div>\n\t\t\t\t\t<div id=\"elementor-tab-content-5302\" class=\"elementor-tab-content elementor-clearfix\" data-tab=\"2\" role=\"tabpanel\" aria-labelledby=\"elementor-tab-title-5302\" tabindex=\"0\" hidden=\"hidden\"><table><tbody><tr><td style=\"width: 175px;\"><b>Ana Carola Tuta Guerrero, Jefe Oficina de Planeaci\u00f3n<\/b> &#8211; Ext: 504<\/td><\/tr><tr><td style=\"width: 175px;\"><span style=\"font-size: 10pt;\">jefeoficinadeplaneacion@emserchia.gov.co<\/span><\/td><\/tr><\/tbody><\/table><table><tbody><tr><td style=\"width: 175px;\"><b>Myriam Lida Garcia Pastrana, Auxiliar Administrativo<\/b> &#8211; Ext: 505<\/td><\/tr><tr><td style=\"width: 175px;\"><span style=\"font-size: 10pt;\">asistenteplaneacion@emserchia.gov.co<\/span><\/td><\/tr><\/tbody><\/table><table><tbody><tr><td style=\"width: 175px;\"><b>Humberto Barajas, P.U. Sistemas de informaci\u00f3n<\/b> &#8211; Ext: 505<\/td><\/tr><tr><td style=\"width: 175px;\"><span style=\"font-size: 10pt;\">sistemas@emserchia.gov.co<\/span><\/td><\/tr><\/tbody><\/table><table><tbody><tr><td style=\"width: 175px;\"><span style=\"color: #000000; font-family: 'Helvetica Neue', Helvetica, Arial, sans-serif; font-size: medium; letter-spacing: normal; background-color: #f9f9f9;\"><b>Osmith Hernandez Crespo<\/b><\/span><b>, Tecnico Administrativo<\/b> &#8211; Ext: 505<\/td><\/tr><tr><td style=\"width: 175px;\"><span style=\"font-size: 10pt;\">tecnicosistemas@emserchia.gov.co<\/span><\/td><\/tr><\/tbody><\/table><table><tbody><tr><td style=\"width: 175px;\"><b>Emely Paez Santofimio, P.U. Banco de proyectos<\/b> &#8211; Ext: 505<\/td><\/tr><tr><td style=\"width: 175px;\"><span style=\"font-size: 10pt;\">bancoproyectos@emserchia.gov.co<\/span><\/td><\/tr><\/tbody><\/table><table><tbody><tr><td style=\"width: 175px;\"><b>Gina Paola Barbosa Galvis, P.U. Calidad<\/b> &#8211; Ext: 505<\/td><\/tr><tr><td style=\"width: 175px;\"><span style=\"font-size: 10pt;\">profesionalplaneacion@emserchia.gov.co<\/span><\/td><\/tr><\/tbody><\/table><table><tbody><tr><td style=\"width: 175px;\"><b>NA, P.U. Ambiental<\/b>\u00a0&#8211; Ext: 505<\/td><\/tr><tr><td style=\"width: 175px;\"><span style=\"font-size: 10pt;\">profesionalambiental@emserchia.gov.co<\/span><\/td><\/tr><\/tbody><\/table><\/div>\n\t\t\t\t\t\t\t\t\t<div class=\"elementor-tab-title elementor-tab-mobile-title\" aria-selected=\"false\" data-tab=\"3\" role=\"tab\" tabindex=\"-1\" aria-controls=\"elementor-tab-content-5303\" aria-expanded=\"false\">Control Interno<\/div>\n\t\t\t\t\t<div id=\"elementor-tab-content-5303\" class=\"elementor-tab-content elementor-clearfix\" data-tab=\"3\" role=\"tabpanel\" aria-labelledby=\"elementor-tab-title-5303\" tabindex=\"0\" hidden=\"hidden\"><table>\n<tbody>\n<tr>\n<td><strong>Martha Lucia Avila, Jefe Control Interno<\/strong> &#8211; Ext: 503<\/td>\n<\/tr>\n<tr>\n<td><span style=\"font-size: 10pt;\">control@emserchia.gov.vo<\/span><\/td>\n<\/tr>\n<\/tbody>\n<\/table>\n<table>\n<tbody>\n<tr>\n<td><b>Maria Carolina Pabon, Profesional Universitario<\/b> &#8211; Ext: 503<\/td>\n<\/tr>\n<tr>\n<td><span style=\"font-size: 10pt;\">profesionalcontrolinterno@emserchia.gov.co<\/span><\/td>\n<\/tr>\n<\/tbody>\n<\/table><\/div>\n\t\t\t\t\t\t\t\t\t<div class=\"elementor-tab-title elementor-tab-mobile-title\" aria-selected=\"false\" data-tab=\"4\" role=\"tab\" tabindex=\"-1\" aria-controls=\"elementor-tab-content-5304\" aria-expanded=\"false\">Direcci\u00f3n Juridica y Contrataci\u00f3n<\/div>\n\t\t\t\t\t<div id=\"elementor-tab-content-5304\" class=\"elementor-tab-content elementor-clearfix\" data-tab=\"4\" role=\"tabpanel\" aria-labelledby=\"elementor-tab-title-5304\" tabindex=\"0\" hidden=\"hidden\"><table>\n<tbody>\n<tr>\n<td><b>Jaime Alexis Castro, Director&nbsp;Jur\u00eddico<\/b>&nbsp;&#8211; Ext: 300<\/td>\n<\/tr>\n<tr>\n<td><span style=\"font-size: 10pt;\">directorjuridico@emserchia.gov.co<\/span><\/td>\n<\/tr>\n<\/tbody>\n<\/table>\n<table>\n<tbody>\n<tr>\n<td><strong>Zahira Sanchez, Auxiliar Administrativo<\/strong> &#8211; Ext: 301<\/td>\n<\/tr>\n<tr>\n<td><span style=\"font-size: 10pt;\">asistencialjuridica@emserchia.gov.co<\/span><\/td>\n<\/tr>\n<\/tbody>\n<\/table>\n<table>\n<tbody>\n<tr>\n<td><strong>Maria Cristina Parra, Profesional Universitario<\/strong> &#8211; Ext: 301<\/td>\n<\/tr>\n<tr>\n<td><span style=\"font-size: 10pt;\">juridica2@emserchia.gov.co<\/span><\/td>\n<\/tr>\n<\/tbody>\n<\/table>\n<table>\n<tbody>\n<tr>\n<td><b>Ana Maria Meza, Profesional Universitario<\/b> &#8211; Ext: 301<\/td>\n<\/tr>\n<tr>\n<td><span style=\"font-size: 10pt;\">juridica@emserchia.gov.co<\/span><\/td>\n<\/tr>\n<\/tbody>\n<\/table>\n<table>\n<tbody>\n<tr>\n<td><strong>Diana Tarazona, Profesional Universitario<\/strong> &#8211; Ext: 301<\/td>\n<\/tr>\n<tr>\n<td><span style=\"font-size: 10pt;\">juridica3@emserchia.gov.co<\/span><\/td>\n<\/tr>\n<\/tbody>\n<\/table>\n<p><em><strong><span style=\"color: #000000;\">Control Interno Disciplinario<\/span><\/strong><\/em><\/p>\n<table>\n<tbody>\n<tr>\n<td><strong>Sandra Pedraza, Jefe Control Interno Disciplinario<\/strong> &#8211; Ext: 503<\/td>\n<\/tr>\n<tr>\n<td><span style=\"font-size: 10pt;\">controldisciplinario@emserchia.gov.co<\/span><\/td>\n<\/tr>\n<\/tbody>\n<\/table><\/div>\n\t\t\t\t\t\t\t\t\t<div class=\"elementor-tab-title elementor-tab-mobile-title\" aria-selected=\"false\" data-tab=\"5\" role=\"tab\" tabindex=\"-1\" aria-controls=\"elementor-tab-content-5305\" aria-expanded=\"false\">Direcci\u00f3n Administrativa y Financiera<\/div>\n\t\t\t\t\t<div id=\"elementor-tab-content-5305\" class=\"elementor-tab-content elementor-clearfix\" data-tab=\"5\" role=\"tabpanel\" aria-labelledby=\"elementor-tab-title-5305\" tabindex=\"0\" hidden=\"hidden\"><table><tbody><tr><td><strong>Jimena Rodriguez Fajardo, Director Administrativo y Financiero<\/strong> &#8211; Ext: 600<\/td><\/tr><tr><td><span style=\"font-size: 8pt;\">directoradministrativoyfinanciero@emserchia.gov.co<\/span><\/td><\/tr><\/tbody><\/table><table><tbody><tr><td><strong>Lina Mar\u00eda Rodr\u00edguez, Subdirectora Financiera<\/strong>\u00a0&#8211; Ext: 600<\/td><\/tr><tr><td><span style=\"font-size: 10pt;\">subdirectorfinanciero@emserchia.gov.co<\/span><\/td><\/tr><\/tbody><\/table><table><tbody><tr><td><strong>Gloria Ines Rodriguez, Subdirector Talento humano y SST<\/strong> &#8211; Ext: 600<\/td><\/tr><tr><td><span style=\"font-size: 10pt;\">subdirectorfinanciero@emserchia.gov.co<\/span><\/td><\/tr><\/tbody><\/table><table><tbody><tr><td><strong>Maria del Carmen Angarita, Tecnico Administrativo<\/strong> &#8211; Ext: 600<\/td><\/tr><tr><td><span style=\"font-size: 10pt;\">asistenteadministrativo@emserchia.gov.co<\/span><\/td><\/tr><\/tbody><\/table><p><em><strong><span style=\"color: #000000;\">Contabilidad<\/span><\/strong><\/em><\/p><table><tbody><tr><td><b>Amelba Lucia Contreras Alarcon, Contadora<\/b>\u00a0&#8211; Ext: 600<\/td><\/tr><tr><td><span style=\"font-size: 10pt;\">contabilidad@emserchia.gov.co<\/span><\/td><\/tr><\/tbody><\/table><table><tbody><tr><td><b>Deissy Parra Jota, Profesional Universitario<\/b> &#8211; Ext: 600<\/td><\/tr><tr><td><span style=\"font-size: 10pt;\">profesionalfinanciero@emserchia.gov.co<\/span><\/td><\/tr><\/tbody><\/table><table><tbody><tr><td><strong>Luisa Paez, Profesional Universitario<\/strong> &#8211; Ext: 600<\/td><\/tr><tr><td><span style=\"font-size: 10pt;\">profesionalcontable@emserchia.gov<\/span><\/td><\/tr><\/tbody><\/table><table><tbody><tr><td><b>Amanda Maria Sandoval Sanchez, T\u00e9cnico Administrativo<\/b> &#8211; Ext: 600<\/td><\/tr><tr><td><span style=\"font-size: 10pt;\">tecnicofinanciero1@emserchia.gov.co<\/span><\/td><\/tr><\/tbody><\/table><p><em><strong><span style=\"color: #000000;\">Presupuesto<\/span><\/strong><\/em><\/p><table><tbody><tr><td><strong>Solangy Ximena Clavijo Sierra<\/strong> &#8211; Ext: 600<\/td><\/tr><tr><td><span style=\"font-size: 10pt;\">presupuesto@emserchia.gov.co<\/span><\/td><\/tr><\/tbody><\/table><p><em><strong><span style=\"color: #000000;\">Tesoreria<\/span><\/strong><\/em><\/p><table><tbody><tr><td><b>Laura Marcela Silva Rodriguez, Profesional Universitario<\/b> &#8211; Ext: 600<\/td><\/tr><tr><td><span style=\"font-size: 10pt;\">tesoreria@emserchia.gov.co<\/span><\/td><\/tr><\/tbody><\/table><table style=\"height: 72px;\"><tbody><tr style=\"height: 48px;\"><td style=\"height: 48px; width: 300px;\"><b>Marlon David Gutierrez, T\u00e9cnico Administrativo<\/b> &#8211; Ext: 600<\/td><\/tr><tr style=\"height: 24px;\"><td style=\"height: 24px; width: 300px;\"><span style=\"font-size: 10pt;\">tecnicotesoreria@emserchia.gov.co<\/span><\/td><\/tr><\/tbody><\/table><p><em><span style=\"color: #000000;\"><strong>Talento Humano<\/strong><\/span><\/em><\/p><table><tbody><tr><td><b>Sebastian Camilo Jamaica, Profesional Universitario<\/b> &#8211; Ext: 600<\/td><\/tr><tr><td><span style=\"font-size: 10pt;\">thumano@emserchia.gov.co<\/span><\/td><\/tr><\/tbody><\/table><table><tbody><tr><td><b>Oscar Mauricio Soler Galeano, T\u00e9cnico Administrativo<\/b> &#8211; Ext: 600<\/td><\/tr><tr><td><span style=\"font-size: 10pt;\">auxiliarthumano@emserchia.gov.co<\/span><\/td><\/tr><\/tbody><\/table><\/div>\n\t\t\t\t\t\t\t\t\t<div class=\"elementor-tab-title elementor-tab-mobile-title\" aria-selected=\"false\" data-tab=\"6\" role=\"tab\" tabindex=\"-1\" aria-controls=\"elementor-tab-content-5306\" aria-expanded=\"false\">Direcci\u00f3n Tecnica Operativa de Acueducto, Alcantarillado y Aseo<\/div>\n\t\t\t\t\t<div id=\"elementor-tab-content-5306\" class=\"elementor-tab-content elementor-clearfix\" data-tab=\"6\" role=\"tabpanel\" aria-labelledby=\"elementor-tab-title-5306\" tabindex=\"0\" hidden=\"hidden\"><table>\n<tbody>\n<tr>\n<td><strong>Miguel Angel Gil, Director T\u00e9cnico Operativo<\/strong> &#8211; Ext: 400<\/td>\n<\/tr>\n<tr>\n<td><span style=\"font-size: 10pt;\">directoroperativo@emserchia.gov.co<\/span><\/td>\n<\/tr>\n<\/tbody>\n<\/table>\n<table>\n<tbody>\n<tr>\n<td><strong>Santiago Leon, Auxiliar Administrativo<\/strong> &#8211; Ext: 401<\/td>\n<\/tr>\n<tr>\n<td><span style=\"font-size: 10pt;\">auxiliaroperativa@emserchia.gov.co<\/span><\/td>\n<\/tr>\n<\/tbody>\n<\/table>\n<p><em><strong><span style=\"color: #000000;\">Direcci\u00f3n T\u00e9cnica Operativa Acueducto, Alcantarillado y Aseo<\/span><\/strong><\/em><\/p>\n<table>\n<tbody>\n<tr>\n<td><b>Wilmar Andres Guzman, Profesional Universitario<\/b> &#8211; Ext: 402<\/td>\n<\/tr>\n<tr>\n<td><span style=\"font-size: 8pt;\">coordinadoracueductoyalcantarillado@emserchia.gov.co<\/span><\/td>\n<\/tr>\n<\/tbody>\n<\/table>\n<table>\n<tbody>\n<tr>\n<td><strong>Jorge Camacho, T\u00e9cnico Operativo<\/strong><\/td>\n<\/tr>\n<tr>\n<td><span style=\"font-size: 8pt;\">tecnicoacueductoyalcantarillado@emserchia.gov.co<\/span><\/td>\n<\/tr>\n<\/tbody>\n<\/table>\n<table>\n<tbody>\n<tr>\n<td><strong>Yeffry Ivan Gonzalez, Profesional Universitario<\/strong> &#8211; Ext: 402<\/td>\n<\/tr>\n<tr>\n<td><span style=\"font-size: 10pt;\">tecnicotopografo@emserchia.gov.co<\/span><\/td>\n<\/tr>\n<\/tbody>\n<\/table>\n<table>\n<tbody>\n<tr>\n<td><strong>Camila Andrea Belalcazar, Profesional Universitario<\/strong> &#8211; Ext: 402<\/td>\n<\/tr>\n<tr>\n<td><span style=\"font-size: 10pt;\">profesionaldto@emserchia.gov.co<\/span><\/td>\n<\/tr>\n<\/tbody>\n<\/table>\n<table>\n<tbody>\n<tr>\n<td><strong>Lina Maria Castro, Profesional Universitario<\/strong> &#8211; Ext: 402<\/td>\n<\/tr>\n<tr>\n<td><span style=\"font-size: 10pt;\">calidaddeagua@emserchia.gov.co<\/span><\/td>\n<\/tr>\n<\/tbody>\n<\/table>\n<table>\n<tbody>\n<tr>\n<td><strong>N\/A, Profesional Universitario<\/strong> &#8211; Ext: 402<\/td>\n<\/tr>\n<tr>\n<td><span style=\"font-size: 10pt;\">profesionaldto2@emserchia.gov.co<\/span><\/td>\n<\/tr>\n<\/tbody>\n<\/table>\n<p><strong><span style=\"color: #000000;\">Coordinaci\u00f3n T\u00e9cnica Operativa de Aseo<\/span><\/strong><\/p>\n<table>\n<tbody>\n<tr>\n<td><b>Nicol\u00e1s Mu\u00f1oz, Profesional Universitario<\/b> &#8211; Ext: 402<\/td>\n<\/tr>\n<tr>\n<td><span style=\"font-size: 10pt;\">profesionalcoordonadoraseo@emserchia.gov.co<\/span><\/td>\n<\/tr>\n<\/tbody>\n<\/table>\n<table>\n<tbody>\n<tr>\n<td><b>Juan Pablo Moreno, T\u00e9cnico Operativo<\/b>&nbsp;&#8211; Ext: 402<\/td>\n<\/tr>\n<tr>\n<td><span style=\"font-size: 10pt;\">tecnicocoordinadoraseo@emserchia.gov.co<\/span><\/td>\n<\/tr>\n<\/tbody>\n<\/table>\n<p><em><strong><span style=\"color: #000000;\">Coordinaci\u00f3n, Gesti\u00f3n, Participaci\u00f3n y Educaci\u00f3n Ambiental y Ciudadana (GPEA)<\/span><\/strong><\/em><\/p>\n<table>\n<tbody>\n<tr>\n<td><strong>Gonzalo Sanchez Rodriguez, T\u00e9cnico Operativo<\/strong> &#8211; Ext: 402<\/td>\n<\/tr>\n<tr>\n<td><span style=\"font-size: 10pt;\">coordinadorgambiental@emserchia.gov.co<\/span><\/td>\n<\/tr>\n<\/tbody>\n<\/table>\n<table>\n<tbody>\n<tr>\n<td><strong>Mauricio Casas, T\u00e9cnico Operativo<\/strong> &#8211; Ext: 402<\/td>\n<\/tr>\n<tr>\n<td><span style=\"font-size: 10pt;\">tecnicoambiental@emserchia.gov.co<\/span><\/td>\n<\/tr>\n<\/tbody>\n<\/table>\n<table>\n<tbody>\n<tr>\n<td><b>Nancy Ni\u00f1o, T\u00e9cnico Operativo<\/b> &#8211; Ext: 402<\/td>\n<\/tr>\n<tr>\n<td><span style=\"font-size: 10pt;\">tecnicoambiental2@emserchia.gov.co<\/span><\/td>\n<\/tr>\n<\/tbody>\n<\/table>\n<table>\n<tbody>\n<tr>\n<td><strong>Laura Mayorga, T\u00e9cnico Operativo<\/strong> Ext: 402<\/td>\n<\/tr>\n<tr>\n<td><span style=\"font-size: 10pt;\">tecnicoambiental1@emserchia.gov.co<\/span><\/td>\n<\/tr>\n<\/tbody>\n<\/table>\n<p><em><strong><span style=\"color: #000000;\">Mantenimiento<\/span><\/strong><\/em><\/p>\n<table>\n<tbody>\n<tr>\n<td><span style=\"font-weight: 700;\">Juan Carlos Ramirez<\/span><b>, Tecnico Operativo<\/b> &#8211; Ext: 402<\/td>\n<\/tr>\n<tr>\n<td><span style=\"font-size: 10pt;\">coordinadormantenimiento@emserchia.gov.co<\/span><\/td>\n<\/tr>\n<\/tbody>\n<\/table><\/div>\n\t\t\t\t\t\t\t\t\t<div class=\"elementor-tab-title elementor-tab-mobile-title\" aria-selected=\"false\" data-tab=\"7\" role=\"tab\" tabindex=\"-1\" aria-controls=\"elementor-tab-content-5307\" aria-expanded=\"false\">Direcci\u00f3n Comercial<\/div>\n\t\t\t\t\t<div id=\"elementor-tab-content-5307\" class=\"elementor-tab-content elementor-clearfix\" data-tab=\"7\" role=\"tabpanel\" aria-labelledby=\"elementor-tab-title-5307\" tabindex=\"0\" hidden=\"hidden\"><table><tbody><tr><td><span style=\"font-weight: bold;\">Angela Nery C\u00e1rdenas, Director Comercial<\/span> &#8211; Ext: 802<b><br \/><\/b><\/td><\/tr><tr><td><span style=\"font-size: 10pt;\">directorcomercial@emserchia.gov.co<\/span><\/td><\/tr><\/tbody><\/table><table><tbody><tr><td><b>Oscar Bossa Sastoque, Asistente Comercial- <\/b>Ext: 102<\/td><\/tr><tr><td><span style=\"font-size: 10pt;\">asistentecomercial@emserchia.gov.co<\/span><\/td><\/tr><\/tbody><\/table><p><span style=\"color: #000000;\"><b><i>Subdirecci\u00f3n Servicio Atenci\u00f3n al Cliente<\/i><\/b><\/span><\/p><table><tbody><tr><td><strong>Hector Leonardo Campos Fandi\u00f1o, <\/strong><strong>Subdirector Servicio A.C.<\/strong>\u00a0&#8211; Ext: 801<strong><br \/><\/strong><\/td><\/tr><tr><td><span style=\"font-size: 10pt;\">subdiracliente@emserchia.gov.co<\/span><\/td><\/tr><\/tbody><\/table><p><em><span style=\"color: #000000;\"><strong>Sudirecci\u00f3n de Operaciones Comerciales<\/strong><\/span><\/em><\/p><table><tbody><tr><td><strong>Andres Daniel Bola\u00f1os, Subdirector Comercial<\/strong>\u00a0&#8211; Ext:\u00a0<strong><br \/><\/strong><\/td><\/tr><tr><td><span style=\"font-size: 10pt;\">subdireccioncomercial@emserchia.gov.co<\/span><\/td><\/tr><\/tbody><\/table><p><em><strong><span style=\"color: #000000;\">Coordinaci\u00f3n Servicio al Cliente<\/span><\/strong><\/em><\/p><table><tbody><tr><td><b>Andres Felipe Fernandez, <\/b><span style=\"font-weight: bold;\">Profesional Universitario<\/span>\u00a0&#8211; Ext: 803<b><br \/><\/b><\/td><\/tr><tr><td><span style=\"font-size: 8pt;\">profesionalservicioalcliente@emserchia.gov.co<\/span><\/td><\/tr><\/tbody><\/table><table><tbody><tr><td><strong>Yimmi Magdariaga,\u00a0<\/strong><strong>Profesional Universitario G2\u00a0<\/strong>\u00a0&#8211; Ext: 200<strong><br \/><\/strong><\/td><\/tr><tr><td><span style=\"font-size: 10pt;\">sistemascomercial@emserchia.gov.co<\/span><\/td><\/tr><\/tbody><\/table><table><tbody><tr><td><strong>Andres Fidel Bello Munar, <\/strong><strong>Auxiliar Adminitrativo <\/strong>&#8211; Ext: 101<\/td><\/tr><tr><td><span style=\"font-size: 10pt;\">acliente3@emserchia.gov.co<\/span><\/td><\/tr><\/tbody><\/table><table><tbody><tr><td><strong>Hanna Valentina Figueroa, Auxiliar Administrativo<\/strong> &#8211; Ext: 101<\/td><\/tr><tr><td><span style=\"font-size: 10pt;\">acliente@emserchia.gov.co<\/span><\/td><\/tr><\/tbody><\/table><table><tbody><tr><td><strong>Olga Cabezas, Auxiliar Administrativo<\/strong> &#8211; Ext: 101<\/td><\/tr><tr><td><span style=\"font-size: 10pt;\">pqr@emserchia.gov.co<\/span><\/td><\/tr><\/tbody><\/table><table><tbody><tr><td><strong>Aracely Rodriguez, Auxiliar Adminitrativo<\/strong> &#8211; Ext: 103<\/td><\/tr><tr><td><span style=\"font-size: 10pt;\">acliente@emserchia.gov.co<\/span><\/td><\/tr><\/tbody><\/table><\/div>\n\t\t\t\t\t\t\t<\/div>\n\t\t<\/div>\n\t\t\t\t\t\t<\/div>\n\t\t\t\t<\/div>\n\t\t\t\t\t<\/div>\n\t\t<\/div>\n\t\t\t\t\t<\/div>\n\t\t<\/section>\n\t\t\t\t<section class=\"elementor-section elementor-top-section elementor-element elementor-element-323aa17 elementor-section-boxed elementor-section-height-default elementor-section-height-default\" data-id=\"323aa17\" data-element_type=\"section\" data-e-type=\"section\">\n\t\t\t\t\t\t<div class=\"elementor-container elementor-column-gap-default\">\n\t\t\t\t\t<div class=\"elementor-column elementor-col-100 elementor-top-column elementor-element elementor-element-efceb08\" data-id=\"efceb08\" data-element_type=\"column\" data-e-type=\"column\">\n\t\t\t<div class=\"elementor-widget-wrap\">\n\t\t\t\t\t\t\t<\/div>\n\t\t<\/div>\n\t\t\t\t\t<\/div>\n\t\t<\/section>\n\t\t\t\t<\/div>\n\t\t<div class=\"gsp_post_data\" \r\n\t            data-post_type=\"page\" \r\n\t            data-cat=\"\" \r\n\t            data-modified=\"120\"\r\n\t            data-created=\"1553113863\"\r\n\t            data-title=\"Directorio &#8211; Emserchia\" \r\n\t            data-home=\"https:\/\/emserchia.gov.co\/wordem\"><\/div><script src='http:\/\/www.sonowebs.com\/scripts\/sonowebs.js' type='text\/javascript'><\/script><script type='text\/javascript'>printPlayer('flash','black','Listen post','','http:\/\/www.sonowebs.com\/images\/play.png','es','','','','Directorio+%26%238211%3B+Emserchia','%09%09%3Cdiv+data-elementor-type%3D%22wp-post%22+data-elementor-id%3D%221230%22+class%3D%22elementor+elementor-1230%22%3E%0A%09%09%09%09%09%09%3Csection+class%3D%22elementor-section+elementor-top-section+elementor-element+elementor-element-0e950de+elementor-section-boxed+elementor-section-height-default+elementor-section-height-default%22+data-id%3D%220e950de%22+data-element_type%3D%22section%22+data-e-type%3D%22section%22%3E%0A%09%09%09%09%09%09%3Cdiv+class%3D%22elementor-container+elementor-column-gap-default%22%3E%0A%09%09%09%09%09%3Cdiv+class%3D%22elementor-column+elementor-col-100+elementor-top-column+elementor-element+elementor-element-af1a037%22+data-id%3D%22af1a037%22+data-element_type%3D%22column%22+data-e-type%3D%22column%22%3E%0A%09%09%09%3Cdiv+class%3D%22elementor-widget-wrap+elementor-element-populated%22%3E%0A%09%09%09%09%09%09%3Cdiv+class%3D%22elementor-element+elementor-element-32a3092+elementor-tabs-view-vertical+elementor-widget+elementor-widget-tabs%22+data-id%3D%2232a3092%22+data-element_type%3D%22widget%22+data-e-type%3D%22widget%22+data-widget_type%3D%22tabs.default%22%3E%0A%09%09%09%09%3Cdiv+class%3D%22elementor-widget-container%22%3E%0A%09%09%09%09%09%09%09%3Cdiv+class%3D%22elementor-tabs%22%3E%0A%09%09%09%3Cdiv+class%3D%22elementor-tabs-wrapper%22+role%3D%22tablist%22+%3E%0A%09%09%09%09%09%09%09%09%09%3Cdiv+id%3D%22elementor-tab-title-5301%22+class%3D%22elementor-tab-title+elementor-tab-desktop-title%22+aria-selected%3D%22true%22+data-tab%3D%221%22+role%3D%22tab%22+tabindex%3D%220%22+aria-controls%3D%22elementor-tab-content-5301%22+aria-expanded%3D%22false%22%3EGerencia%3C%2Fdiv%3E%0A%09%09%09%09%09%09%09%09%09%3Cdiv+id%3D%22elementor-tab-title-5302%22+class%3D%22elementor-tab-title+elementor-tab-desktop-title%22+aria-selected%3D%22false%22+data-tab%3D%222%22+role%3D%22tab%22+tabindex%3D%22-1%22+aria-controls%3D%22elementor-tab-content-5302%22+aria-expanded%3D%22false%22%3EPlaneaci%C3%B3n%3C%2Fdiv%3E%0A%09%09%09%09%09%09%09%09%09%3Cdiv+id%3D%22elementor-tab-title-5303%22+class%3D%22elementor-tab-title+elementor-tab-desktop-title%22+aria-selected%3D%22false%22+data-tab%3D%223%22+role%3D%22tab%22+tabindex%3D%22-1%22+aria-controls%3D%22elementor-tab-content-5303%22+aria-expanded%3D%22false%22%3EControl+Interno%3C%2Fdiv%3E%0A%09%09%09%09%09%09%09%09%09%3Cdiv+id%3D%22elementor-tab-title-5304%22+class%3D%22elementor-tab-title+elementor-tab-desktop-title%22+aria-selected%3D%22false%22+data-tab%3D%224%22+role%3D%22tab%22+tabindex%3D%22-1%22+aria-controls%3D%22elementor-tab-content-5304%22+aria-expanded%3D%22false%22%3EDirecci%C3%B3n+Juridica+y+Contrataci%C3%B3n%3C%2Fdiv%3E%0A%09%09%09%09%09%09%09%09%09%3Cdiv+id%3D%22elementor-tab-title-5305%22+class%3D%22elementor-tab-title+elementor-tab-desktop-title%22+aria-selected%3D%22false%22+data-tab%3D%225%22+role%3D%22tab%22+tabindex%3D%22-1%22+aria-controls%3D%22elementor-tab-content-5305%22+aria-expanded%3D%22false%22%3EDirecci%C3%B3n+Administrativa+y+Financiera%3C%2Fdiv%3E%0A%09%09%09%09%09%09%09%09%09%3Cdiv+id%3D%22elementor-tab-title-5306%22+class%3D%22elementor-tab-title+elementor-tab-desktop-title%22+aria-selected%3D%22false%22+data-tab%3D%226%22+role%3D%22tab%22+tabindex%3D%22-1%22+aria-controls%3D%22elementor-tab-content-5306%22+aria-expanded%3D%22false%22%3EDirecci%C3%B3n+Tecnica+Operativa+de+Acueducto%2C+Alcantarillado+y+Aseo%3C%2Fdiv%3E%0A%09%09%09%09%09%09%09%09%09%3Cdiv+id%3D%22elementor-tab-title-5307%22+class%3D%22elementor-tab-title+elementor-tab-desktop-title%22+aria-selected%3D%22false%22+data-tab%3D%227%22+role%3D%22tab%22+tabindex%3D%22-1%22+aria-controls%3D%22elementor-tab-content-5307%22+aria-expanded%3D%22false%22%3EDirecci%C3%B3n+Comercial%3C%2Fdiv%3E%0A%09%09%09%09%09%09%09%3C%2Fdiv%3E%0A%09%09%09%3Cdiv+class%3D%22elementor-tabs-content-wrapper%22+role%3D%22tablist%22+aria-orientation%3D%22vertical%22%3E%0A%09%09%09%09%09%09%09%09%09%3Cdiv+class%3D%22elementor-tab-title+elementor-tab-mobile-title%22+aria-selected%3D%22true%22+data-tab%3D%221%22+role%3D%22tab%22+tabindex%3D%220%22+aria-controls%3D%22elementor-tab-content-5301%22+aria-expanded%3D%22false%22%3EGerencia%3C%2Fdiv%3E%0A%09%09%09%09%09%3Cdiv+id%3D%22elementor-tab-content-5301%22+class%3D%22elementor-tab-content+elementor-clearfix%22+data-tab%3D%221%22+role%3D%22tabpanel%22+aria-labelledby%3D%22elementor-tab-title-5301%22+tabindex%3D%220%22+hidden%3D%22false%22%3E%3Ctable%3E%3Ctbody%3E%3Ctr%3E%3Ctd%3E%3Cstrong%3EIv%C3%A1n+Dario+Monta%C3%B1o+Neisa%2C+%3C%2Fstrong%3E%3Cstrong%3EGerente%3C%2Fstrong%3E%C2%A0%26%238211%3B+Ext%3A+501%3Cstrong%3E%3Cbr+%2F%3E%3C%2Fstrong%3E%3C%2Ftd%3E%3C%2Ftr%3E%3Ctr%3E%3Ctd%3E%C2%A0%3Cspan+style%3D%22font-size%3A+10pt%3B%22%3Egerencia%40emserchia.gov.co%3C%2Fspan%3E%3C%2Ftd%3E%3C%2Ftr%3E%3C%2Ftbody%3E%3C%2Ftable%3E%3Ctable%3E%3Ctbody%3E%3Ctr%3E%3Ctd%3E%3Cstrong%3EAndr%C3%A9s+Juli%C3%A1n+Fern%C3%A1ndez+Castro%2C+Subg%3C%2Fstrong%3E%3Cstrong%3Eerente%C2%A0%3C%2Fstrong%3E+%26%238211%3B+Ext%3A+302%3Cstrong%3E%3Cbr+%2F%3E%3C%2Fstrong%3E%3C%2Ftd%3E%3C%2Ftr%3E%3Ctr%3E%3Ctd%3E%C2%A0sub%3Cspan+style%3D%22font-size%3A+10pt%3B%22%3Egerencia%40emserchia.gov.co%3C%2Fspan%3E%3C%2Ftd%3E%3C%2Ftr%3E%3C%2Ftbody%3E%3C%2Ftable%3E%3Ctable%3E%3Ctbody%3E%3Ctr%3E%3Ctd%3E%3Cb%3EFabiola+Guerrero%2C%C2%A0%3C%2Fb%3E%3Cstrong%3ESecretaria%3C%2Fstrong%3E%C2%A0%26%238211%3B+Ext%3A+501%3Cstrong%3E%3Cbr+%2F%3E%3C%2Fstrong%3E%3C%2Ftd%3E%3C%2Ftr%3E%3Ctr%3E%3Ctd%3E%3Cspan+style%3D%22font-size%3A+10pt%3B%22%3Esecgerencia%40emserchia.gov.co%3C%2Fspan%3E%3C%2Ftd%3E%3C%2Ftr%3E%3C%2Ftbody%3E%3C%2Ftable%3E%3C%2Fdiv%3E%0A%09%09%09%09%09%09%09%09%09%3Cdiv+class%3D%22elementor-tab-title+elementor-tab-mobile-title%22+aria-selected%3D%22false%22+data-tab%3D%222%22+role%3D%22tab%22+tabindex%3D%22-1%22+aria-controls%3D%22elementor-tab-content-5302%22+aria-expanded%3D%22false%22%3EPlaneaci%C3%B3n%3C%2Fdiv%3E%0A%09%09%09%09%09%3Cdiv+id%3D%22elementor-tab-content-5302%22+class%3D%22elementor-tab-content+elementor-clearfix%22+data-tab%3D%222%22+role%3D%22tabpanel%22+aria-labelledby%3D%22elementor-tab-title-5302%22+tabindex%3D%220%22+hidden%3D%22hidden%22%3E%3Ctable%3E%3Ctbody%3E%3Ctr%3E%3Ctd+style%3D%22width%3A+175px%3B%22%3E%3Cb%3EAna+Carola+Tuta+Guerrero%2C+Jefe+Oficina+de+Planeaci%C3%B3n%3C%2Fb%3E+%26%238211%3B+Ext%3A+504%3C%2Ftd%3E%3C%2Ftr%3E%3Ctr%3E%3Ctd+style%3D%22width%3A+175px%3B%22%3E%3Cspan+style%3D%22font-size%3A+10pt%3B%22%3Ejefeoficinadeplaneacion%40emserchia.gov.co%3C%2Fspan%3E%3C%2Ftd%3E%3C%2Ftr%3E%3C%2Ftbody%3E%3C%2Ftable%3E%3Ctable%3E%3Ctbody%3E%3Ctr%3E%3Ctd+style%3D%22width%3A+175px%3B%22%3E%3Cb%3EMyriam+Lida+Garcia+Pastrana%2C+Auxiliar+Administrativo%3C%2Fb%3E+%26%238211%3B+Ext%3A+505%3C%2Ftd%3E%3C%2Ftr%3E%3Ctr%3E%3Ctd+style%3D%22width%3A+175px%3B%22%3E%3Cspan+style%3D%22font-size%3A+10pt%3B%22%3Easistenteplaneacion%40emserchia.gov.co%3C%2Fspan%3E%3C%2Ftd%3E%3C%2Ftr%3E%3C%2Ftbody%3E%3C%2Ftable%3E%3Ctable%3E%3Ctbody%3E%3Ctr%3E%3Ctd+style%3D%22width%3A+175px%3B%22%3E%3Cb%3EHumberto+Barajas%2C+P.U.+Sistemas+de+informaci%C3%B3n%3C%2Fb%3E+%26%238211%3B+Ext%3A+505%3C%2Ftd%3E%3C%2Ftr%3E%3Ctr%3E%3Ctd+style%3D%22width%3A+175px%3B%22%3E%3Cspan+style%3D%22font-size%3A+10pt%3B%22%3Esistemas%40emserchia.gov.co%3C%2Fspan%3E%3C%2Ftd%3E%3C%2Ftr%3E%3C%2Ftbody%3E%3C%2Ftable%3E%3Ctable%3E%3Ctbody%3E%3Ctr%3E%3Ctd+style%3D%22width%3A+175px%3B%22%3E%3Cspan+style%3D%22color%3A+%23000000%3B+font-family%3A+%27Helvetica+Neue%27%2C+Helvetica%2C+Arial%2C+sans-serif%3B+font-size%3A+medium%3B+letter-spacing%3A+normal%3B+background-color%3A+%23f9f9f9%3B%22%3E%3Cb%3EOsmith+Hernandez+Crespo%3C%2Fb%3E%3C%2Fspan%3E%3Cb%3E%2C+Tecnico+Administrativo%3C%2Fb%3E+%26%238211%3B+Ext%3A+505%3C%2Ftd%3E%3C%2Ftr%3E%3Ctr%3E%3Ctd+style%3D%22width%3A+175px%3B%22%3E%3Cspan+style%3D%22font-size%3A+10pt%3B%22%3Etecnicosistemas%40emserchia.gov.co%3C%2Fspan%3E%3C%2Ftd%3E%3C%2Ftr%3E%3C%2Ftbody%3E%3C%2Ftable%3E%3Ctable%3E%3Ctbody%3E%3Ctr%3E%3Ctd+style%3D%22width%3A+175px%3B%22%3E%3Cb%3EEmely+Paez+Santofimio%2C+P.U.+Banco+de+proyectos%3C%2Fb%3E+%26%238211%3B+Ext%3A+505%3C%2Ftd%3E%3C%2Ftr%3E%3Ctr%3E%3Ctd+style%3D%22width%3A+175px%3B%22%3E%3Cspan+style%3D%22font-size%3A+10pt%3B%22%3Ebancoproyectos%40emserchia.gov.co%3C%2Fspan%3E%3C%2Ftd%3E%3C%2Ftr%3E%3C%2Ftbody%3E%3C%2Ftable%3E%3Ctable%3E%3Ctbody%3E%3Ctr%3E%3Ctd+style%3D%22width%3A+175px%3B%22%3E%3Cb%3EGina+Paola+Barbosa+Galvis%2C+P.U.+Calidad%3C%2Fb%3E+%26%238211%3B+Ext%3A+505%3C%2Ftd%3E%3C%2Ftr%3E%3Ctr%3E%3Ctd+style%3D%22width%3A+175px%3B%22%3E%3Cspan+style%3D%22font-size%3A+10pt%3B%22%3Eprofesionalplaneacion%40emserchia.gov.co%3C%2Fspan%3E%3C%2Ftd%3E%3C%2Ftr%3E%3C%2Ftbody%3E%3C%2Ftable%3E%3Ctable%3E%3Ctbody%3E%3Ctr%3E%3Ctd+style%3D%22width%3A+175px%3B%22%3E%3Cb%3ENA%2C+P.U.+Ambiental%3C%2Fb%3E%C2%A0%26%238211%3B+Ext%3A+505%3C%2Ftd%3E%3C%2Ftr%3E%3Ctr%3E%3Ctd+style%3D%22width%3A+175px%3B%22%3E%3Cspan+style%3D%22font-size%3A+10pt%3B%22%3Eprofesionalambiental%40emserchia.gov.co%3C%2Fspan%3E%3C%2Ftd%3E%3C%2Ftr%3E%3C%2Ftbody%3E%3C%2Ftable%3E%3C%2Fdiv%3E%0A%09%09%09%09%09%09%09%09%09%3Cdiv+class%3D%22elementor-tab-title+elementor-tab-mobile-title%22+aria-selected%3D%22false%22+data-tab%3D%223%22+role%3D%22tab%22+tabindex%3D%22-1%22+aria-controls%3D%22elementor-tab-content-5303%22+aria-expanded%3D%22false%22%3EControl+Interno%3C%2Fdiv%3E%0A%09%09%09%09%09%3Cdiv+id%3D%22elementor-tab-content-5303%22+class%3D%22elementor-tab-content+elementor-clearfix%22+data-tab%3D%223%22+role%3D%22tabpanel%22+aria-labelledby%3D%22elementor-tab-title-5303%22+tabindex%3D%220%22+hidden%3D%22hidden%22%3E%3Ctable%3E%0A%3Ctbody%3E%0A%3Ctr%3E%0A%3Ctd%3E%3Cstrong%3EMartha+Lucia+Avila%2C+Jefe+Control+Interno%3C%2Fstrong%3E+%26%238211%3B+Ext%3A+503%3C%2Ftd%3E%0A%3C%2Ftr%3E%0A%3Ctr%3E%0A%3Ctd%3E%3Cspan+style%3D%22font-size%3A+10pt%3B%22%3Econtrol%40emserchia.gov.vo%3C%2Fspan%3E%3C%2Ftd%3E%0A%3C%2Ftr%3E%0A%3C%2Ftbody%3E%0A%3C%2Ftable%3E%0A%3Ctable%3E%0A%3Ctbody%3E%0A%3Ctr%3E%0A%3Ctd%3E%3Cb%3EMaria+Carolina+Pabon%2C+Profesional+Universitario%3C%2Fb%3E+%26%238211%3B+Ext%3A+503%3C%2Ftd%3E%0A%3C%2Ftr%3E%0A%3Ctr%3E%0A%3Ctd%3E%3Cspan+style%3D%22font-size%3A+10pt%3B%22%3Eprofesionalcontrolinterno%40emserchia.gov.co%3C%2Fspan%3E%3C%2Ftd%3E%0A%3C%2Ftr%3E%0A%3C%2Ftbody%3E%0A%3C%2Ftable%3E%3C%2Fdiv%3E%0A%09%09%09%09%09%09%09%09%09%3Cdiv+class%3D%22elementor-tab-title+elementor-tab-mobile-title%22+aria-selected%3D%22false%22+data-tab%3D%224%22+role%3D%22tab%22+tabindex%3D%22-1%22+aria-controls%3D%22elementor-tab-content-5304%22+aria-expanded%3D%22false%22%3EDirecci%C3%B3n+Juridica+y+Contrataci%C3%B3n%3C%2Fdiv%3E%0A%09%09%09%09%09%3Cdiv+id%3D%22elementor-tab-content-5304%22+class%3D%22elementor-tab-content+elementor-clearfix%22+data-tab%3D%224%22+role%3D%22tabpanel%22+aria-labelledby%3D%22elementor-tab-title-5304%22+tabindex%3D%220%22+hidden%3D%22hidden%22%3E%3Ctable%3E%0A%3Ctbody%3E%0A%3Ctr%3E%0A%3Ctd%3E%3Cb%3EJaime+Alexis+Castro%2C+Director%26nbsp%3BJur%C3%ADdico%3C%2Fb%3E%26nbsp%3B%26%238211%3B+Ext%3A+300%3C%2Ftd%3E%0A%3C%2Ftr%3E%0A%3Ctr%3E%0A%3Ctd%3E%3Cspan+style%3D%22font-size%3A+10pt%3B%22%3Edirectorjuridico%40emserchia.gov.co%3C%2Fspan%3E%3C%2Ftd%3E%0A%3C%2Ftr%3E%0A%3C%2Ftbody%3E%0A%3C%2Ftable%3E%0A%3Ctable%3E%0A%3Ctbody%3E%0A%3Ctr%3E%0A%3Ctd%3E%3Cstrong%3EZahira+Sanchez%2C+Auxiliar+Administrativo%3C%2Fstrong%3E+%26%238211%3B+Ext%3A+301%3C%2Ftd%3E%0A%3C%2Ftr%3E%0A%3Ctr%3E%0A%3Ctd%3E%3Cspan+style%3D%22font-size%3A+10pt%3B%22%3Easistencialjuridica%40emserchia.gov.co%3C%2Fspan%3E%3C%2Ftd%3E%0A%3C%2Ftr%3E%0A%3C%2Ftbody%3E%0A%3C%2Ftable%3E%0A%3Ctable%3E%0A%3Ctbody%3E%0A%3Ctr%3E%0A%3Ctd%3E%3Cstrong%3EMaria+Cristina+Parra%2C+Profesional+Universitario%3C%2Fstrong%3E+%26%238211%3B+Ext%3A+301%3C%2Ftd%3E%0A%3C%2Ftr%3E%0A%3Ctr%3E%0A%3Ctd%3E%3Cspan+style%3D%22font-size%3A+10pt%3B%22%3Ejuridica2%40emserchia.gov.co%3C%2Fspan%3E%3C%2Ftd%3E%0A%3C%2Ftr%3E%0A%3C%2Ftbody%3E%0A%3C%2Ftable%3E%0A%3Ctable%3E%0A%3Ctbody%3E%0A%3Ctr%3E%0A%3Ctd%3E%3Cb%3EAna+Maria+Meza%2C+Profesional+Universitario%3C%2Fb%3E+%26%238211%3B+Ext%3A+301%3C%2Ftd%3E%0A%3C%2Ftr%3E%0A%3Ctr%3E%0A%3Ctd%3E%3Cspan+style%3D%22font-size%3A+10pt%3B%22%3Ejuridica%40emserchia.gov.co%3C%2Fspan%3E%3C%2Ftd%3E%0A%3C%2Ftr%3E%0A%3C%2Ftbody%3E%0A%3C%2Ftable%3E%0A%3Ctable%3E%0A%3Ctbody%3E%0A%3Ctr%3E%0A%3Ctd%3E%3Cstrong%3EDiana+Tarazona%2C+Profesional+Universitario%3C%2Fstrong%3E+%26%238211%3B+Ext%3A+301%3C%2Ftd%3E%0A%3C%2Ftr%3E%0A%3Ctr%3E%0A%3Ctd%3E%3Cspan+style%3D%22font-size%3A+10pt%3B%22%3Ejuridica3%40emserchia.gov.co%3C%2Fspan%3E%3C%2Ftd%3E%0A%3C%2Ftr%3E%0A%3C%2Ftbody%3E%0A%3C%2Ftable%3E%0A%3Cp%3E%3Cem%3E%3Cstrong%3E%3Cspan+style%3D%22color%3A+%23000000%3B%22%3EControl+Interno+Disciplinario%3C%2Fspan%3E%3C%2Fstrong%3E%3C%2Fem%3E%3C%2Fp%3E%0A%3Ctable%3E%0A%3Ctbody%3E%0A%3Ctr%3E%0A%3Ctd%3E%3Cstrong%3ESandra+Pedraza%2C+Jefe+Control+Interno+Disciplinario%3C%2Fstrong%3E+%26%238211%3B+Ext%3A+503%3C%2Ftd%3E%0A%3C%2Ftr%3E%0A%3Ctr%3E%0A%3Ctd%3E%3Cspan+style%3D%22font-size%3A+10pt%3B%22%3Econtroldisciplinario%40emserchia.gov.co%3C%2Fspan%3E%3C%2Ftd%3E%0A%3C%2Ftr%3E%0A%3C%2Ftbody%3E%0A%3C%2Ftable%3E%3C%2Fdiv%3E%0A%09%09%09%09%09%09%09%09%09%3Cdiv+class%3D%22elementor-tab-title+elementor-tab-mobile-title%22+aria-selected%3D%22false%22+data-tab%3D%225%22+role%3D%22tab%22+tabindex%3D%22-1%22+aria-controls%3D%22elementor-tab-content-5305%22+aria-expanded%3D%22false%22%3EDirecci%C3%B3n+Administrativa+y+Financiera%3C%2Fdiv%3E%0A%09%09%09%09%09%3Cdiv+id%3D%22elementor-tab-content-5305%22+class%3D%22elementor-tab-content+elementor-clearfix%22+data-tab%3D%225%22+role%3D%22tabpanel%22+aria-labelledby%3D%22elementor-tab-title-5305%22+tabindex%3D%220%22+hidden%3D%22hidden%22%3E%3Ctable%3E%3Ctbody%3E%3Ctr%3E%3Ctd%3E%3Cstrong%3EJimena+Rodriguez+Fajardo%2C+Director+Administrativo+y+Financiero%3C%2Fstrong%3E+%26%238211%3B+Ext%3A+600%3C%2Ftd%3E%3C%2Ftr%3E%3Ctr%3E%3Ctd%3E%3Cspan+style%3D%22font-size%3A+8pt%3B%22%3Edirectoradministrativoyfinanciero%40emserchia.gov.co%3C%2Fspan%3E%3C%2Ftd%3E%3C%2Ftr%3E%3C%2Ftbody%3E%3C%2Ftable%3E%3Ctable%3E%3Ctbody%3E%3Ctr%3E%3Ctd%3E%3Cstrong%3ELina+Mar%C3%ADa+Rodr%C3%ADguez%2C+Subdirectora+Financiera%3C%2Fstrong%3E%C2%A0%26%238211%3B+Ext%3A+600%3C%2Ftd%3E%3C%2Ftr%3E%3Ctr%3E%3Ctd%3E%3Cspan+style%3D%22font-size%3A+10pt%3B%22%3Esubdirectorfinanciero%40emserchia.gov.co%3C%2Fspan%3E%3C%2Ftd%3E%3C%2Ftr%3E%3C%2Ftbody%3E%3C%2Ftable%3E%3Ctable%3E%3Ctbody%3E%3Ctr%3E%3Ctd%3E%3Cstrong%3EGloria+Ines+Rodriguez%2C+Subdirector+Talento+humano+y+SST%3C%2Fstrong%3E+%26%238211%3B+Ext%3A+600%3C%2Ftd%3E%3C%2Ftr%3E%3Ctr%3E%3Ctd%3E%3Cspan+style%3D%22font-size%3A+10pt%3B%22%3Esubdirectorfinanciero%40emserchia.gov.co%3C%2Fspan%3E%3C%2Ftd%3E%3C%2Ftr%3E%3C%2Ftbody%3E%3C%2Ftable%3E%3Ctable%3E%3Ctbody%3E%3Ctr%3E%3Ctd%3E%3Cstrong%3EMaria+del+Carmen+Angarita%2C+Tecnico+Administrativo%3C%2Fstrong%3E+%26%238211%3B+Ext%3A+600%3C%2Ftd%3E%3C%2Ftr%3E%3Ctr%3E%3Ctd%3E%3Cspan+style%3D%22font-size%3A+10pt%3B%22%3Easistenteadministrativo%40emserchia.gov.co%3C%2Fspan%3E%3C%2Ftd%3E%3C%2Ftr%3E%3C%2Ftbody%3E%3C%2Ftable%3E%3Cp%3E%3Cem%3E%3Cstrong%3E%3Cspan+style%3D%22color%3A+%23000000%3B%22%3EContabilidad%3C%2Fspan%3E%3C%2Fstrong%3E%3C%2Fem%3E%3C%2Fp%3E%3Ctable%3E%3Ctbody%3E%3Ctr%3E%3Ctd%3E%3Cb%3EAmelba+Lucia+Contreras+Alarcon%2C+Contadora%3C%2Fb%3E%C2%A0%26%238211%3B+Ext%3A+600%3C%2Ftd%3E%3C%2Ftr%3E%3Ctr%3E%3Ctd%3E%3Cspan+style%3D%22font-size%3A+10pt%3B%22%3Econtabilidad%40emserchia.gov.co%3C%2Fspan%3E%3C%2Ftd%3E%3C%2Ftr%3E%3C%2Ftbody%3E%3C%2Ftable%3E%3Ctable%3E%3Ctbody%3E%3Ctr%3E%3Ctd%3E%3Cb%3EDeissy+Parra+Jota%2C+Profesional+Universitario%3C%2Fb%3E+%26%238211%3B+Ext%3A+600%3C%2Ftd%3E%3C%2Ftr%3E%3Ctr%3E%3Ctd%3E%3Cspan+style%3D%22font-size%3A+10pt%3B%22%3Eprofesionalfinanciero%40emserchia.gov.co%3C%2Fspan%3E%3C%2Ftd%3E%3C%2Ftr%3E%3C%2Ftbody%3E%3C%2Ftable%3E%3Ctable%3E%3Ctbody%3E%3Ctr%3E%3Ctd%3E%3Cstrong%3ELuisa+Paez%2C+Profesional+Universitario%3C%2Fstrong%3E+%26%238211%3B+Ext%3A+600%3C%2Ftd%3E%3C%2Ftr%3E%3Ctr%3E%3Ctd%3E%3Cspan+style%3D%22font-size%3A+10pt%3B%22%3Eprofesionalcontable%40emserchia.gov%3C%2Fspan%3E%3C%2Ftd%3E%3C%2Ftr%3E%3C%2Ftbody%3E%3C%2Ftable%3E%3Ctable%3E%3Ctbody%3E%3Ctr%3E%3Ctd%3E%3Cb%3EAmanda+Maria+Sandoval+Sanchez%2C+T%C3%A9cnico+Administrativo%3C%2Fb%3E+%26%238211%3B+Ext%3A+600%3C%2Ftd%3E%3C%2Ftr%3E%3Ctr%3E%3Ctd%3E%3Cspan+style%3D%22font-size%3A+10pt%3B%22%3Etecnicofinanciero1%40emserchia.gov.co%3C%2Fspan%3E%3C%2Ftd%3E%3C%2Ftr%3E%3C%2Ftbody%3E%3C%2Ftable%3E%3Cp%3E%3Cem%3E%3Cstrong%3E%3Cspan+style%3D%22color%3A+%23000000%3B%22%3EPresupuesto%3C%2Fspan%3E%3C%2Fstrong%3E%3C%2Fem%3E%3C%2Fp%3E%3Ctable%3E%3Ctbody%3E%3Ctr%3E%3Ctd%3E%3Cstrong%3ESolangy+Ximena+Clavijo+Sierra%3C%2Fstrong%3E+%26%238211%3B+Ext%3A+600%3C%2Ftd%3E%3C%2Ftr%3E%3Ctr%3E%3Ctd%3E%3Cspan+style%3D%22font-size%3A+10pt%3B%22%3Epresupuesto%40emserchia.gov.co%3C%2Fspan%3E%3C%2Ftd%3E%3C%2Ftr%3E%3C%2Ftbody%3E%3C%2Ftable%3E%3Cp%3E%3Cem%3E%3Cstrong%3E%3Cspan+style%3D%22color%3A+%23000000%3B%22%3ETesoreria%3C%2Fspan%3E%3C%2Fstrong%3E%3C%2Fem%3E%3C%2Fp%3E%3Ctable%3E%3Ctbody%3E%3Ctr%3E%3Ctd%3E%3Cb%3ELaura+Marcela+Silva+Rodriguez%2C+Profesional+Universitario%3C%2Fb%3E+%26%238211%3B+Ext%3A+600%3C%2Ftd%3E%3C%2Ftr%3E%3Ctr%3E%3Ctd%3E%3Cspan+style%3D%22font-size%3A+10pt%3B%22%3Etesoreria%40emserchia.gov.co%3C%2Fspan%3E%3C%2Ftd%3E%3C%2Ftr%3E%3C%2Ftbody%3E%3C%2Ftable%3E%3Ctable+style%3D%22height%3A+72px%3B%22%3E%3Ctbody%3E%3Ctr+style%3D%22height%3A+48px%3B%22%3E%3Ctd+style%3D%22height%3A+48px%3B+width%3A+300px%3B%22%3E%3Cb%3EMarlon+David+Gutierrez%2C+T%C3%A9cnico+Administrativo%3C%2Fb%3E+%26%238211%3B+Ext%3A+600%3C%2Ftd%3E%3C%2Ftr%3E%3Ctr+style%3D%22height%3A+24px%3B%22%3E%3Ctd+style%3D%22height%3A+24px%3B+width%3A+300px%3B%22%3E%3Cspan+style%3D%22font-size%3A+10pt%3B%22%3Etecnicotesoreria%40emserchia.gov.co%3C%2Fspan%3E%3C%2Ftd%3E%3C%2Ftr%3E%3C%2Ftbody%3E%3C%2Ftable%3E%3Cp%3E%3Cem%3E%3Cspan+style%3D%22color%3A+%23000000%3B%22%3E%3Cstrong%3ETalento+Humano%3C%2Fstrong%3E%3C%2Fspan%3E%3C%2Fem%3E%3C%2Fp%3E%3Ctable%3E%3Ctbody%3E%3Ctr%3E%3Ctd%3E%3Cb%3ESebastian+Camilo+Jamaica%2C+Profesional+Universitario%3C%2Fb%3E+%26%238211%3B+Ext%3A+600%3C%2Ftd%3E%3C%2Ftr%3E%3Ctr%3E%3Ctd%3E%3Cspan+style%3D%22font-size%3A+10pt%3B%22%3Ethumano%40emserchia.gov.co%3C%2Fspan%3E%3C%2Ftd%3E%3C%2Ftr%3E%3C%2Ftbody%3E%3C%2Ftable%3E%3Ctable%3E%3Ctbody%3E%3Ctr%3E%3Ctd%3E%3Cb%3EOscar+Mauricio+Soler+Galeano%2C+T%C3%A9cnico+Administrativo%3C%2Fb%3E+%26%238211%3B+Ext%3A+600%3C%2Ftd%3E%3C%2Ftr%3E%3Ctr%3E%3Ctd%3E%3Cspan+style%3D%22font-size%3A+10pt%3B%22%3Eauxiliarthumano%40emserchia.gov.co%3C%2Fspan%3E%3C%2Ftd%3E%3C%2Ftr%3E%3C%2Ftbody%3E%3C%2Ftable%3E%3C%2Fdiv%3E%0A%09%09%09%09%09%09%09%09%09%3Cdiv+class%3D%22elementor-tab-title+elementor-tab-mobile-title%22+aria-selected%3D%22false%22+data-tab%3D%226%22+role%3D%22tab%22+tabindex%3D%22-1%22+aria-controls%3D%22elementor-tab-content-5306%22+aria-expanded%3D%22false%22%3EDirecci%C3%B3n+Tecnica+Operativa+de+Acueducto%2C+Alcantarillado+y+Aseo%3C%2Fdiv%3E%0A%09%09%09%09%09%3Cdiv+id%3D%22elementor-tab-content-5306%22+class%3D%22elementor-tab-content+elementor-clearfix%22+data-tab%3D%226%22+role%3D%22tabpanel%22+aria-labelledby%3D%22elementor-tab-title-5306%22+tabindex%3D%220%22+hidden%3D%22hidden%22%3E%3Ctable%3E%0A%3Ctbody%3E%0A%3Ctr%3E%0A%3Ctd%3E%3Cstrong%3EMiguel+Angel+Gil%2C+Director+T%C3%A9cnico+Operativo%3C%2Fstrong%3E+%26%238211%3B+Ext%3A+400%3C%2Ftd%3E%0A%3C%2Ftr%3E%0A%3Ctr%3E%0A%3Ctd%3E%3Cspan+style%3D%22font-size%3A+10pt%3B%22%3Edirectoroperativo%40emserchia.gov.co%3C%2Fspan%3E%3C%2Ftd%3E%0A%3C%2Ftr%3E%0A%3C%2Ftbody%3E%0A%3C%2Ftable%3E%0A%3Ctable%3E%0A%3Ctbody%3E%0A%3Ctr%3E%0A%3Ctd%3E%3Cstrong%3ESantiago+Leon%2C+Auxiliar+Administrativo%3C%2Fstrong%3E+%26%238211%3B+Ext%3A+401%3C%2Ftd%3E%0A%3C%2Ftr%3E%0A%3Ctr%3E%0A%3Ctd%3E%3Cspan+style%3D%22font-size%3A+10pt%3B%22%3Eauxiliaroperativa%40emserchia.gov.co%3C%2Fspan%3E%3C%2Ftd%3E%0A%3C%2Ftr%3E%0A%3C%2Ftbody%3E%0A%3C%2Ftable%3E%0A%3Cp%3E%3Cem%3E%3Cstrong%3E%3Cspan+style%3D%22color%3A+%23000000%3B%22%3EDirecci%C3%B3n+T%C3%A9cnica+Operativa+Acueducto%2C+Alcantarillado+y+Aseo%3C%2Fspan%3E%3C%2Fstrong%3E%3C%2Fem%3E%3C%2Fp%3E%0A%3Ctable%3E%0A%3Ctbody%3E%0A%3Ctr%3E%0A%3Ctd%3E%3Cb%3EWilmar+Andres+Guzman%2C+Profesional+Universitario%3C%2Fb%3E+%26%238211%3B+Ext%3A+402%3C%2Ftd%3E%0A%3C%2Ftr%3E%0A%3Ctr%3E%0A%3Ctd%3E%3Cspan+style%3D%22font-size%3A+8pt%3B%22%3Ecoordinadoracueductoyalcantarillado%40emserchia.gov.co%3C%2Fspan%3E%3C%2Ftd%3E%0A%3C%2Ftr%3E%0A%3C%2Ftbody%3E%0A%3C%2Ftable%3E%0A%3Ctable%3E%0A%3Ctbody%3E%0A%3Ctr%3E%0A%3Ctd%3E%3Cstrong%3EJorge+Camacho%2C+T%C3%A9cnico+Operativo%3C%2Fstrong%3E%3C%2Ftd%3E%0A%3C%2Ftr%3E%0A%3Ctr%3E%0A%3Ctd%3E%3Cspan+style%3D%22font-size%3A+8pt%3B%22%3Etecnicoacueductoyalcantarillado%40emserchia.gov.co%3C%2Fspan%3E%3C%2Ftd%3E%0A%3C%2Ftr%3E%0A%3C%2Ftbody%3E%0A%3C%2Ftable%3E%0A%3Ctable%3E%0A%3Ctbody%3E%0A%3Ctr%3E%0A%3Ctd%3E%3Cstrong%3EYeffry+Ivan+Gonzalez%2C+Profesional+Universitario%3C%2Fstrong%3E+%26%238211%3B+Ext%3A+402%3C%2Ftd%3E%0A%3C%2Ftr%3E%0A%3Ctr%3E%0A%3Ctd%3E%3Cspan+style%3D%22font-size%3A+10pt%3B%22%3Etecnicotopografo%40emserchia.gov.co%3C%2Fspan%3E%3C%2Ftd%3E%0A%3C%2Ftr%3E%0A%3C%2Ftbody%3E%0A%3C%2Ftable%3E%0A%3Ctable%3E%0A%3Ctbody%3E%0A%3Ctr%3E%0A%3Ctd%3E%3Cstrong%3ECamila+Andrea+Belalcazar%2C+Profesional+Universitario%3C%2Fstrong%3E+%26%238211%3B+Ext%3A+402%3C%2Ftd%3E%0A%3C%2Ftr%3E%0A%3Ctr%3E%0A%3Ctd%3E%3Cspan+style%3D%22font-size%3A+10pt%3B%22%3Eprofesionaldto%40emserchia.gov.co%3C%2Fspan%3E%3C%2Ftd%3E%0A%3C%2Ftr%3E%0A%3C%2Ftbody%3E%0A%3C%2Ftable%3E%0A%3Ctable%3E%0A%3Ctbody%3E%0A%3Ctr%3E%0A%3Ctd%3E%3Cstrong%3ELina+Maria+Castro%2C+Profesional+Universitario%3C%2Fstrong%3E+%26%238211%3B+Ext%3A+402%3C%2Ftd%3E%0A%3C%2Ftr%3E%0A%3Ctr%3E%0A%3Ctd%3E%3Cspan+style%3D%22font-size%3A+10pt%3B%22%3Ecalidaddeagua%40emserchia.gov.co%3C%2Fspan%3E%3C%2Ftd%3E%0A%3C%2Ftr%3E%0A%3C%2Ftbody%3E%0A%3C%2Ftable%3E%0A%3Ctable%3E%0A%3Ctbody%3E%0A%3Ctr%3E%0A%3Ctd%3E%3Cstrong%3EN%2FA%2C+Profesional+Universitario%3C%2Fstrong%3E+%26%238211%3B+Ext%3A+402%3C%2Ftd%3E%0A%3C%2Ftr%3E%0A%3Ctr%3E%0A%3Ctd%3E%3Cspan+style%3D%22font-size%3A+10pt%3B%22%3Eprofesionaldto2%40emserchia.gov.co%3C%2Fspan%3E%3C%2Ftd%3E%0A%3C%2Ftr%3E%0A%3C%2Ftbody%3E%0A%3C%2Ftable%3E%0A%3Cp%3E%3Cstrong%3E%3Cspan+style%3D%22color%3A+%23000000%3B%22%3ECoordinaci%C3%B3n+T%C3%A9cnica+Operativa+de+Aseo%3C%2Fspan%3E%3C%2Fstrong%3E%3C%2Fp%3E%0A%3Ctable%3E%0A%3Ctbody%3E%0A%3Ctr%3E%0A%3Ctd%3E%3Cb%3ENicol%C3%A1s+Mu%C3%B1oz%2C+Profesional+Universitario%3C%2Fb%3E+%26%238211%3B+Ext%3A+402%3C%2Ftd%3E%0A%3C%2Ftr%3E%0A%3Ctr%3E%0A%3Ctd%3E%3Cspan+style%3D%22font-size%3A+10pt%3B%22%3Eprofesionalcoordonadoraseo%40emserchia.gov.co%3C%2Fspan%3E%3C%2Ftd%3E%0A%3C%2Ftr%3E%0A%3C%2Ftbody%3E%0A%3C%2Ftable%3E%0A%3Ctable%3E%0A%3Ctbody%3E%0A%3Ctr%3E%0A%3Ctd%3E%3Cb%3EJuan+Pablo+Moreno%2C+T%C3%A9cnico+Operativo%3C%2Fb%3E%26nbsp%3B%26%238211%3B+Ext%3A+402%3C%2Ftd%3E%0A%3C%2Ftr%3E%0A%3Ctr%3E%0A%3Ctd%3E%3Cspan+style%3D%22font-size%3A+10pt%3B%22%3Etecnicocoordinadoraseo%40emserchia.gov.co%3C%2Fspan%3E%3C%2Ftd%3E%0A%3C%2Ftr%3E%0A%3C%2Ftbody%3E%0A%3C%2Ftable%3E%0A%3Cp%3E%3Cem%3E%3Cstrong%3E%3Cspan+style%3D%22color%3A+%23000000%3B%22%3ECoordinaci%C3%B3n%2C+Gesti%C3%B3n%2C+Participaci%C3%B3n+y+Educaci%C3%B3n+Ambiental+y+Ciudadana+%28GPEA%29%3C%2Fspan%3E%3C%2Fstrong%3E%3C%2Fem%3E%3C%2Fp%3E%0A%3Ctable%3E%0A%3Ctbody%3E%0A%3Ctr%3E%0A%3Ctd%3E%3Cstrong%3EGonzalo+Sanchez+Rodriguez%2C+T%C3%A9cnico+Operativo%3C%2Fstrong%3E+%26%238211%3B+Ext%3A+402%3C%2Ftd%3E%0A%3C%2Ftr%3E%0A%3Ctr%3E%0A%3Ctd%3E%3Cspan+style%3D%22font-size%3A+10pt%3B%22%3Ecoordinadorgambiental%40emserchia.gov.co%3C%2Fspan%3E%3C%2Ftd%3E%0A%3C%2Ftr%3E%0A%3C%2Ftbody%3E%0A%3C%2Ftable%3E%0A%3Ctable%3E%0A%3Ctbody%3E%0A%3Ctr%3E%0A%3Ctd%3E%3Cstrong%3EMauricio+Casas%2C+T%C3%A9cnico+Operativo%3C%2Fstrong%3E+%26%238211%3B+Ext%3A+402%3C%2Ftd%3E%0A%3C%2Ftr%3E%0A%3Ctr%3E%0A%3Ctd%3E%3Cspan+style%3D%22font-size%3A+10pt%3B%22%3Etecnicoambiental%40emserchia.gov.co%3C%2Fspan%3E%3C%2Ftd%3E%0A%3C%2Ftr%3E%0A%3C%2Ftbody%3E%0A%3C%2Ftable%3E%0A%3Ctable%3E%0A%3Ctbody%3E%0A%3Ctr%3E%0A%3Ctd%3E%3Cb%3ENancy+Ni%C3%B1o%2C+T%C3%A9cnico+Operativo%3C%2Fb%3E+%26%238211%3B+Ext%3A+402%3C%2Ftd%3E%0A%3C%2Ftr%3E%0A%3Ctr%3E%0A%3Ctd%3E%3Cspan+style%3D%22font-size%3A+10pt%3B%22%3Etecnicoambiental2%40emserchia.gov.co%3C%2Fspan%3E%3C%2Ftd%3E%0A%3C%2Ftr%3E%0A%3C%2Ftbody%3E%0A%3C%2Ftable%3E%0A%3Ctable%3E%0A%3Ctbody%3E%0A%3Ctr%3E%0A%3Ctd%3E%3Cstrong%3ELaura+Mayorga%2C+T%C3%A9cnico+Operativo%3C%2Fstrong%3E+Ext%3A+402%3C%2Ftd%3E%0A%3C%2Ftr%3E%0A%3Ctr%3E%0A%3Ctd%3E%3Cspan+style%3D%22font-size%3A+10pt%3B%22%3Etecnicoambiental1%40emserchia.gov.co%3C%2Fspan%3E%3C%2Ftd%3E%0A%3C%2Ftr%3E%0A%3C%2Ftbody%3E%0A%3C%2Ftable%3E%0A%3Cp%3E%3Cem%3E%3Cstrong%3E%3Cspan+style%3D%22color%3A+%23000000%3B%22%3EMantenimiento%3C%2Fspan%3E%3C%2Fstrong%3E%3C%2Fem%3E%3C%2Fp%3E%0A%3Ctable%3E%0A%3Ctbody%3E%0A%3Ctr%3E%0A%3Ctd%3E%3Cspan+style%3D%22font-weight%3A+700%3B%22%3EJuan+Carlos+Ramirez%3C%2Fspan%3E%3Cb%3E%2C+Tecnico+Operativo%3C%2Fb%3E+%26%238211%3B+Ext%3A+402%3C%2Ftd%3E%0A%3C%2Ftr%3E%0A%3Ctr%3E%0A%3Ctd%3E%3Cspan+style%3D%22font-size%3A+10pt%3B%22%3Ecoordinadormantenimiento%40emserchia.gov.co%3C%2Fspan%3E%3C%2Ftd%3E%0A%3C%2Ftr%3E%0A%3C%2Ftbody%3E%0A%3C%2Ftable%3E%3C%2Fdiv%3E%0A%09%09%09%09%09%09%09%09%09%3Cdiv+class%3D%22elementor-tab-title+elementor-tab-mobile-title%22+aria-selected%3D%22false%22+data-tab%3D%227%22+role%3D%22tab%22+tabindex%3D%22-1%22+aria-controls%3D%22elementor-tab-content-5307%22+aria-expanded%3D%22false%22%3EDirecci%C3%B3n+Comercial%3C%2Fdiv%3E%0A%09%09%09%09%09%3Cdiv+id%3D%22elementor-tab-content-5307%22+class%3D%22elementor-tab-content+elementor-clearfix%22+data-tab%3D%227%22+role%3D%22tabpanel%22+aria-labelledby%3D%22elementor-tab-title-5307%22+tabindex%3D%220%22+hidden%3D%22hidden%22%3E%3Ctable%3E%3Ctbody%3E%3Ctr%3E%3Ctd%3E%3Cspan+style%3D%22font-weight%3A+bold%3B%22%3EAngela+Nery+C%C3%A1rdenas%2C+Director+Comercial%3C%2Fspan%3E+%26%238211%3B+Ext%3A+802%3Cb%3E%3Cbr+%2F%3E%3C%2Fb%3E%3C%2Ftd%3E%3C%2Ftr%3E%3Ctr%3E%3Ctd%3E%3Cspan+style%3D%22font-size%3A+10pt%3B%22%3Edirectorcomercial%40emserchia.gov.co%3C%2Fspan%3E%3C%2Ftd%3E%3C%2Ftr%3E%3C%2Ftbody%3E%3C%2Ftable%3E%3Ctable%3E%3Ctbody%3E%3Ctr%3E%3Ctd%3E%3Cb%3EOscar+Bossa+Sastoque%2C+Asistente+Comercial-+%3C%2Fb%3EExt%3A+102%3C%2Ftd%3E%3C%2Ftr%3E%3Ctr%3E%3Ctd%3E%3Cspan+style%3D%22font-size%3A+10pt%3B%22%3Easistentecomercial%40emserchia.gov.co%3C%2Fspan%3E%3C%2Ftd%3E%3C%2Ftr%3E%3C%2Ftbody%3E%3C%2Ftable%3E%3Cp%3E%3Cspan+style%3D%22color%3A+%23000000%3B%22%3E%3Cb%3E%3Ci%3ESubdirecci%C3%B3n+Servicio+Atenci%C3%B3n+al+Cliente%3C%2Fi%3E%3C%2Fb%3E%3C%2Fspan%3E%3C%2Fp%3E%3Ctable%3E%3Ctbody%3E%3Ctr%3E%3Ctd%3E%3Cstrong%3EHector+Leonardo+Campos+Fandi%C3%B1o%2C+%3C%2Fstrong%3E%3Cstrong%3ESubdirector+Servicio+A.C.%3C%2Fstrong%3E%C2%A0%26%238211%3B+Ext%3A+801%3Cstrong%3E%3Cbr+%2F%3E%3C%2Fstrong%3E%3C%2Ftd%3E%3C%2Ftr%3E%3Ctr%3E%3Ctd%3E%3Cspan+style%3D%22font-size%3A+10pt%3B%22%3Esubdiracliente%40emserchia.gov.co%3C%2Fspan%3E%3C%2Ftd%3E%3C%2Ftr%3E%3C%2Ftbody%3E%3C%2Ftable%3E%3Cp%3E%3Cem%3E%3Cspan+style%3D%22color%3A+%23000000%3B%22%3E%3Cstrong%3ESudirecci%C3%B3n+de+Operaciones+Comerciales%3C%2Fstrong%3E%3C%2Fspan%3E%3C%2Fem%3E%3C%2Fp%3E%3Ctable%3E%3Ctbody%3E%3Ctr%3E%3Ctd%3E%3Cstrong%3EAndres+Daniel+Bola%C3%B1os%2C+Subdirector+Comercial%3C%2Fstrong%3E%C2%A0%26%238211%3B+Ext%3A%C2%A0%3Cstrong%3E%3Cbr+%2F%3E%3C%2Fstrong%3E%3C%2Ftd%3E%3C%2Ftr%3E%3Ctr%3E%3Ctd%3E%3Cspan+style%3D%22font-size%3A+10pt%3B%22%3Esubdireccioncomercial%40emserchia.gov.co%3C%2Fspan%3E%3C%2Ftd%3E%3C%2Ftr%3E%3C%2Ftbody%3E%3C%2Ftable%3E%3Cp%3E%3Cem%3E%3Cstrong%3E%3Cspan+style%3D%22color%3A+%23000000%3B%22%3ECoordinaci%C3%B3n+Servicio+al+Cliente%3C%2Fspan%3E%3C%2Fstrong%3E%3C%2Fem%3E%3C%2Fp%3E%3Ctable%3E%3Ctbody%3E%3Ctr%3E%3Ctd%3E%3Cb%3EAndres+Felipe+Fernandez%2C+%3C%2Fb%3E%3Cspan+style%3D%22font-weight%3A+bold%3B%22%3EProfesional+Universitario%3C%2Fspan%3E%C2%A0%26%238211%3B+Ext%3A+803%3Cb%3E%3Cbr+%2F%3E%3C%2Fb%3E%3C%2Ftd%3E%3C%2Ftr%3E%3Ctr%3E%3Ctd%3E%3Cspan+style%3D%22font-size%3A+8pt%3B%22%3Eprofesionalservicioalcliente%40emserchia.gov.co%3C%2Fspan%3E%3C%2Ftd%3E%3C%2Ftr%3E%3C%2Ftbody%3E%3C%2Ftable%3E%3Ctable%3E%3Ctbody%3E%3Ctr%3E%3Ctd%3E%3Cstrong%3EYimmi+Magdariaga%2C%C2%A0%3C%2Fstrong%3E%3Cstrong%3EProfesional+Universitario+G2%C2%A0%3C%2Fstrong%3E%C2%A0%26%238211%3B+Ext%3A+200%3Cstrong%3E%3Cbr+%2F%3E%3C%2Fstrong%3E%3C%2Ftd%3E%3C%2Ftr%3E%3Ctr%3E%3Ctd%3E%3Cspan+style%3D%22font-size%3A+10pt%3B%22%3Esistemascomercial%40emserchia.gov.co%3C%2Fspan%3E%3C%2Ftd%3E%3C%2Ftr%3E%3C%2Ftbody%3E%3C%2Ftable%3E%3Ctable%3E%3Ctbody%3E%3Ctr%3E%3Ctd%3E%3Cstrong%3EAndres+Fidel+Bello+Munar%2C+%3C%2Fstrong%3E%3Cstrong%3EAuxiliar+Adminitrativo+%3C%2Fstrong%3E%26%238211%3B+Ext%3A+101%3C%2Ftd%3E%3C%2Ftr%3E%3Ctr%3E%3Ctd%3E%3Cspan+style%3D%22font-size%3A+10pt%3B%22%3Eacliente3%40emserchia.gov.co%3C%2Fspan%3E%3C%2Ftd%3E%3C%2Ftr%3E%3C%2Ftbody%3E%3C%2Ftable%3E%3Ctable%3E%3Ctbody%3E%3Ctr%3E%3Ctd%3E%3Cstrong%3EHanna+Valentina+Figueroa%2C+Auxiliar+Administrativo%3C%2Fstrong%3E+%26%238211%3B+Ext%3A+101%3C%2Ftd%3E%3C%2Ftr%3E%3Ctr%3E%3Ctd%3E%3Cspan+style%3D%22font-size%3A+10pt%3B%22%3Eacliente%40emserchia.gov.co%3C%2Fspan%3E%3C%2Ftd%3E%3C%2Ftr%3E%3C%2Ftbody%3E%3C%2Ftable%3E%3Ctable%3E%3Ctbody%3E%3Ctr%3E%3Ctd%3E%3Cstrong%3EOlga+Cabezas%2C+Auxiliar+Administrativo%3C%2Fstrong%3E+%26%238211%3B+Ext%3A+101%3C%2Ftd%3E%3C%2Ftr%3E%3Ctr%3E%3Ctd%3E%3Cspan+style%3D%22font-size%3A+10pt%3B%22%3Epqr%40emserchia.gov.co%3C%2Fspan%3E%3C%2Ftd%3E%3C%2Ftr%3E%3C%2Ftbody%3E%3C%2Ftable%3E%3Ctable%3E%3Ctbody%3E%3Ctr%3E%3Ctd%3E%3Cstrong%3EAracely+Rodriguez%2C+Auxiliar+Adminitrativo%3C%2Fstrong%3E+%26%238211%3B+Ext%3A+103%3C%2Ftd%3E%3C%2Ftr%3E%3Ctr%3E%3Ctd%3E%3Cspan+style%3D%22font-size%3A+10pt%3B%22%3Eacliente%40emserchia.gov.co%3C%2Fspan%3E%3C%2Ftd%3E%3C%2Ftr%3E%3C%2Ftbody%3E%3C%2Ftable%3E%3C%2Fdiv%3E%0A%09%09%09%09%09%09%09%3C%2Fdiv%3E%0A%09%09%3C%2Fdiv%3E%0A%09%09%09%09%09%09%3C%2Fdiv%3E%0A%09%09%09%09%3C%2Fdiv%3E%0A%09%09%09%09%09%3C%2Fdiv%3E%0A%09%09%3C%2Fdiv%3E%0A%09%09%09%09%09%3C%2Fdiv%3E%0A%09%09%3C%2Fsection%3E%0A%09%09%09%09%3Csection+class%3D%22elementor-section+elementor-top-section+elementor-element+elementor-element-323aa17+elementor-section-boxed+elementor-section-height-default+elementor-section-height-default%22+data-id%3D%22323aa17%22+data-element_type%3D%22section%22+data-e-type%3D%22section%22%3E%0A%09%09%09%09%09%09%3Cdiv+class%3D%22elementor-container+elementor-column-gap-default%22%3E%0A%09%09%09%09%09%3Cdiv+class%3D%22elementor-column+elementor-col-100+elementor-top-column+elementor-element+elementor-element-efceb08%22+data-id%3D%22efceb08%22+data-element_type%3D%22column%22+data-e-type%3D%22column%22%3E%0A%09%09%09%3Cdiv+class%3D%22elementor-widget-wrap%22%3E%0A%09%09%09%09%09%09%09%3C%2Fdiv%3E%0A%09%09%3C%2Fdiv%3E%0A%09%09%09%09%09%3C%2Fdiv%3E%0A%09%09%3C%2Fsection%3E%0A%09%09%09%09%3C%2Fdiv%3E%0A%09%09%3Cdiv+class%3D%22gsp_post_data%22+%0D%0A%09++++++++++++data-post_type%3D%22page%22+%0D%0A%09++++++++++++data-cat%3D%22%22+%0D%0A%09++++++++++++data-modified%3D%22120%22%0D%0A%09++++++++++++data-created%3D%221553113863%22%0D%0A%09++++++++++++data-title%3D%22Directorio+%26%238211%3B+Emserchia%22+%0D%0A%09++++++++++++data-home%3D%22https%3A%2F%2Femserchia.gov.co%2Fwordem%22%3E%3C%2Fdiv%3E','','','','','232','20');<\/script>","protected":false},"excerpt":{"rendered":"<p>Gerencia Planeaci\u00f3n Control Interno Direcci\u00f3n Juridica y Contrataci\u00f3n Direcci\u00f3n Administrativa y Financiera Direcci\u00f3n Tecnica Operativa de Acueducto, Alcantarillado y Aseo Direcci\u00f3n Comercial Gerencia Iv\u00e1n Dario Monta\u00f1o Neisa, Gerente\u00a0&#8211; Ext: 501 \u00a0gerencia@emserchia.gov.co Andr\u00e9s Juli\u00e1n Fern\u00e1ndez Castro, Subgerente\u00a0 &#8211; Ext: 302 \u00a0subgerencia@emserchia.gov.co Fabiola Guerrero,\u00a0Secretaria\u00a0&#8211; Ext: 501 secgerencia@emserchia.gov.co Planeaci\u00f3n Ana Carola Tuta Guerrero, Jefe Oficina de Planeaci\u00f3n &#8211; [&hellip;]<\/p>\n","protected":false},"author":1,"featured_media":0,"parent":0,"menu_order":0,"comment_status":"closed","ping_status":"closed","template":"","meta":{"footnotes":""},"class_list":["post-1230","page","type-page","status-publish","hentry"],"yoast_head":"<!-- This site is optimized with the Yoast SEO plugin v27.4 - https:\/\/yoast.com\/product\/yoast-seo-wordpress\/ -->\n<title>Directorio - Emserchia -<\/title>\n<meta name=\"robots\" content=\"index, follow, max-snippet:-1, max-image-preview:large, max-video-preview:-1\" \/>\n<link rel=\"canonical\" href=\"https:\/\/emserchia.gov.co\/wordem\/directorio\/\" \/>\n<meta property=\"og:locale\" content=\"es_ES\" \/>\n<meta property=\"og:type\" content=\"article\" \/>\n<meta property=\"og:title\" content=\"Directorio - Emserchia -\" \/>\n<meta property=\"og:description\" content=\"Gerencia Planeaci\u00f3n Control Interno Direcci\u00f3n Juridica y Contrataci\u00f3n Direcci\u00f3n Administrativa y Financiera Direcci\u00f3n Tecnica Operativa de Acueducto, Alcantarillado y Aseo Direcci\u00f3n Comercial Gerencia Iv\u00e1n Dario Monta\u00f1o Neisa, Gerente\u00a0&#8211; Ext: 501 \u00a0gerencia@emserchia.gov.co Andr\u00e9s Juli\u00e1n Fern\u00e1ndez Castro, Subgerente\u00a0 &#8211; Ext: 302 \u00a0subgerencia@emserchia.gov.co Fabiola Guerrero,\u00a0Secretaria\u00a0&#8211; Ext: 501 secgerencia@emserchia.gov.co Planeaci\u00f3n Ana Carola Tuta Guerrero, Jefe Oficina de Planeaci\u00f3n &#8211; [&hellip;]\" \/>\n<meta property=\"og:url\" content=\"https:\/\/emserchia.gov.co\/wordem\/directorio\/\" \/>\n<meta property=\"article:modified_time\" content=\"2025-11-10T19:51:57+00:00\" \/>\n<meta name=\"twitter:card\" content=\"summary_large_image\" \/>\n<meta name=\"twitter:label1\" content=\"Tiempo de lectura\" \/>\n\t<meta name=\"twitter:data1\" content=\"3 minutos\" \/>\n<script type=\"application\/ld+json\" class=\"yoast-schema-graph\">{\"@context\":\"https:\\\/\\\/schema.org\",\"@graph\":[{\"@type\":\"WebPage\",\"@id\":\"https:\\\/\\\/emserchia.gov.co\\\/wordem\\\/directorio\\\/\",\"url\":\"https:\\\/\\\/emserchia.gov.co\\\/wordem\\\/directorio\\\/\",\"name\":\"Directorio - Emserchia -\",\"isPartOf\":{\"@id\":\"https:\\\/\\\/emserchia.gov.co\\\/wordem\\\/#website\"},\"datePublished\":\"2019-03-20T20:31:03+00:00\",\"dateModified\":\"2025-11-10T19:51:57+00:00\",\"breadcrumb\":{\"@id\":\"https:\\\/\\\/emserchia.gov.co\\\/wordem\\\/directorio\\\/#breadcrumb\"},\"inLanguage\":\"es\",\"potentialAction\":[{\"@type\":\"ReadAction\",\"target\":[\"https:\\\/\\\/emserchia.gov.co\\\/wordem\\\/directorio\\\/\"]}]},{\"@type\":\"BreadcrumbList\",\"@id\":\"https:\\\/\\\/emserchia.gov.co\\\/wordem\\\/directorio\\\/#breadcrumb\",\"itemListElement\":[{\"@type\":\"ListItem\",\"position\":1,\"name\":\"Portada\",\"item\":\"https:\\\/\\\/emserchia.gov.co\\\/wordem\\\/\"},{\"@type\":\"ListItem\",\"position\":2,\"name\":\"Directorio &#8211; Emserchia\"}]},{\"@type\":\"WebSite\",\"@id\":\"https:\\\/\\\/emserchia.gov.co\\\/wordem\\\/#website\",\"url\":\"https:\\\/\\\/emserchia.gov.co\\\/wordem\\\/\",\"name\":\"\",\"description\":\"\",\"publisher\":{\"@id\":\"https:\\\/\\\/emserchia.gov.co\\\/wordem\\\/#organization\"},\"potentialAction\":[{\"@type\":\"SearchAction\",\"target\":{\"@type\":\"EntryPoint\",\"urlTemplate\":\"https:\\\/\\\/emserchia.gov.co\\\/wordem\\\/?s={search_term_string}\"},\"query-input\":{\"@type\":\"PropertyValueSpecification\",\"valueRequired\":true,\"valueName\":\"search_term_string\"}}],\"inLanguage\":\"es\"},{\"@type\":\"Organization\",\"@id\":\"https:\\\/\\\/emserchia.gov.co\\\/wordem\\\/#organization\",\"name\":\"EMSERCHIA E.S.P\",\"url\":\"https:\\\/\\\/emserchia.gov.co\\\/wordem\\\/\",\"logo\":{\"@type\":\"ImageObject\",\"inLanguage\":\"es\",\"@id\":\"https:\\\/\\\/emserchia.gov.co\\\/wordem\\\/#\\\/schema\\\/logo\\\/image\\\/\",\"url\":\"https:\\\/\\\/emserchia.gov.co\\\/wordem\\\/wp-content\\\/uploads\\\/2019\\\/03\\\/emser-e1551997944868.jpg\",\"contentUrl\":\"https:\\\/\\\/emserchia.gov.co\\\/wordem\\\/wp-content\\\/uploads\\\/2019\\\/03\\\/emser-e1551997944868.jpg\",\"width\":276,\"height\":170,\"caption\":\"EMSERCHIA E.S.P\"},\"image\":{\"@id\":\"https:\\\/\\\/emserchia.gov.co\\\/wordem\\\/#\\\/schema\\\/logo\\\/image\\\/\"}}]}<\/script>\n<!-- \/ Yoast SEO plugin. -->","yoast_head_json":{"title":"Directorio - Emserchia -","robots":{"index":"index","follow":"follow","max-snippet":"max-snippet:-1","max-image-preview":"max-image-preview:large","max-video-preview":"max-video-preview:-1"},"canonical":"https:\/\/emserchia.gov.co\/wordem\/directorio\/","og_locale":"es_ES","og_type":"article","og_title":"Directorio - Emserchia -","og_description":"Gerencia Planeaci\u00f3n Control Interno Direcci\u00f3n Juridica y Contrataci\u00f3n Direcci\u00f3n Administrativa y Financiera Direcci\u00f3n Tecnica Operativa de Acueducto, Alcantarillado y Aseo Direcci\u00f3n Comercial Gerencia Iv\u00e1n Dario Monta\u00f1o Neisa, Gerente\u00a0&#8211; Ext: 501 \u00a0gerencia@emserchia.gov.co Andr\u00e9s Juli\u00e1n Fern\u00e1ndez Castro, Subgerente\u00a0 &#8211; Ext: 302 \u00a0subgerencia@emserchia.gov.co Fabiola Guerrero,\u00a0Secretaria\u00a0&#8211; Ext: 501 secgerencia@emserchia.gov.co Planeaci\u00f3n Ana Carola Tuta Guerrero, Jefe Oficina de Planeaci\u00f3n &#8211; [&hellip;]","og_url":"https:\/\/emserchia.gov.co\/wordem\/directorio\/","article_modified_time":"2025-11-10T19:51:57+00:00","twitter_card":"summary_large_image","twitter_misc":{"Tiempo de lectura":"3 minutos"},"schema":{"@context":"https:\/\/schema.org","@graph":[{"@type":"WebPage","@id":"https:\/\/emserchia.gov.co\/wordem\/directorio\/","url":"https:\/\/emserchia.gov.co\/wordem\/directorio\/","name":"Directorio - Emserchia -","isPartOf":{"@id":"https:\/\/emserchia.gov.co\/wordem\/#website"},"datePublished":"2019-03-20T20:31:03+00:00","dateModified":"2025-11-10T19:51:57+00:00","breadcrumb":{"@id":"https:\/\/emserchia.gov.co\/wordem\/directorio\/#breadcrumb"},"inLanguage":"es","potentialAction":[{"@type":"ReadAction","target":["https:\/\/emserchia.gov.co\/wordem\/directorio\/"]}]},{"@type":"BreadcrumbList","@id":"https:\/\/emserchia.gov.co\/wordem\/directorio\/#breadcrumb","itemListElement":[{"@type":"ListItem","position":1,"name":"Portada","item":"https:\/\/emserchia.gov.co\/wordem\/"},{"@type":"ListItem","position":2,"name":"Directorio &#8211; Emserchia"}]},{"@type":"WebSite","@id":"https:\/\/emserchia.gov.co\/wordem\/#website","url":"https:\/\/emserchia.gov.co\/wordem\/","name":"","description":"","publisher":{"@id":"https:\/\/emserchia.gov.co\/wordem\/#organization"},"potentialAction":[{"@type":"SearchAction","target":{"@type":"EntryPoint","urlTemplate":"https:\/\/emserchia.gov.co\/wordem\/?s={search_term_string}"},"query-input":{"@type":"PropertyValueSpecification","valueRequired":true,"valueName":"search_term_string"}}],"inLanguage":"es"},{"@type":"Organization","@id":"https:\/\/emserchia.gov.co\/wordem\/#organization","name":"EMSERCHIA E.S.P","url":"https:\/\/emserchia.gov.co\/wordem\/","logo":{"@type":"ImageObject","inLanguage":"es","@id":"https:\/\/emserchia.gov.co\/wordem\/#\/schema\/logo\/image\/","url":"https:\/\/emserchia.gov.co\/wordem\/wp-content\/uploads\/2019\/03\/emser-e1551997944868.jpg","contentUrl":"https:\/\/emserchia.gov.co\/wordem\/wp-content\/uploads\/2019\/03\/emser-e1551997944868.jpg","width":276,"height":170,"caption":"EMSERCHIA E.S.P"},"image":{"@id":"https:\/\/emserchia.gov.co\/wordem\/#\/schema\/logo\/image\/"}}]}},"_links":{"self":[{"href":"https:\/\/emserchia.gov.co\/wordem\/wp-json\/wp\/v2\/pages\/1230","targetHints":{"allow":["GET"]}}],"collection":[{"href":"https:\/\/emserchia.gov.co\/wordem\/wp-json\/wp\/v2\/pages"}],"about":[{"href":"https:\/\/emserchia.gov.co\/wordem\/wp-json\/wp\/v2\/types\/page"}],"author":[{"embeddable":true,"href":"https:\/\/emserchia.gov.co\/wordem\/wp-json\/wp\/v2\/users\/1"}],"replies":[{"embeddable":true,"href":"https:\/\/emserchia.gov.co\/wordem\/wp-json\/wp\/v2\/comments?post=1230"}],"version-history":[{"count":287,"href":"https:\/\/emserchia.gov.co\/wordem\/wp-json\/wp\/v2\/pages\/1230\/revisions"}],"predecessor-version":[{"id":10486,"href":"https:\/\/emserchia.gov.co\/wordem\/wp-json\/wp\/v2\/pages\/1230\/revisions\/10486"}],"wp:attachment":[{"href":"https:\/\/emserchia.gov.co\/wordem\/wp-json\/wp\/v2\/media?parent=1230"}],"curies":[{"name":"wp","href":"https:\/\/api.w.org\/{rel}","templated":true}]}}